{"id":1759,"date":"2024-10-02T07:10:36","date_gmt":"2024-10-02T05:10:36","guid":{"rendered":"https:\/\/acoutech.ch\/portfolio_page\/acoudivider-raumtrenner\/"},"modified":"2026-02-08T15:52:03","modified_gmt":"2026-02-08T14:52:03","slug":"acoudivider-separateur-de-piece","status":"publish","type":"portfolio_page","link":"https:\/\/acoutech.ch\/fr\/portfolio_page\/acoudivider-separateur-de-piece\/","title":{"rendered":"acouDivider<br>S\u00e9parateur de pi\u00e8ce"},"content":{"rendered":"<div class=\"wpb-content-wrapper\"><p>[vc_row rtl_reverse=&#8221;yes&#8221; css_animation=&#8221;&#8221; row_type=&#8221;row&#8221; use_row_as_full_screen_section=&#8221;no&#8221; type=&#8221;full_width&#8221; angled_section=&#8221;no&#8221; text_align=&#8221;left&#8221; background_image_as_pattern=&#8221;without_pattern&#8221; z_index=&#8221;&#8221; side_padding=&#8221;11&#8243;][vc_column offset=&#8221;vc_col-lg-offset-0 vc_col-lg-6 vc_hidden-lg vc_col-md-offset-0 vc_col-md-6 vc_hidden-md vc_col-sm-offset-0 vc_col-xs-12&#8243;][vc_column_text]<\/p>\n<h4>acouDivider S\u00e9parateur de pi\u00e8ce<\/h4>\n<p>[\/vc_column_text][vc_empty_space height=&#8221;15px&#8221;][\/vc_column][\/vc_row][vc_row rtl_reverse=&#8221;yes&#8221; css_animation=&#8221;&#8221; row_type=&#8221;row&#8221; use_row_as_full_screen_section=&#8221;no&#8221; type=&#8221;full_width&#8221; angled_section=&#8221;no&#8221; text_align=&#8221;left&#8221; background_image_as_pattern=&#8221;without_pattern&#8221; z_index=&#8221;&#8221; side_padding=&#8221;11&#8243;][vc_column offset=&#8221;vc_col-lg-offset-0 vc_col-lg-6 vc_col-md-offset-0 vc_col-md-6 vc_col-sm-offset-0 vc_col-xs-12&#8243;]<div class=\"qode-advanced-image-gallery  qode-aig-masonry-type qode-small-space  qode-image-behavior-lightbox \">\n\t<div class=\"qode-aig-inner qode-outer-space qode-aig-masonry qode-aig-two-columns\">\n\t\t<div class=\"qode-aig-grid-sizer\"><\/div>\n\t\t<div class=\"qode-aig-grid-gutter\"><\/div>\n\t\t\t\t\t\t\t\t<div class=\"qode-aig-image qode-item-space qode-aig-default-masonry-item\">\n\t\t\t\t<div class=\"qode-aig-image-inner\">\n\t\t\t\t\t\t\t\t\t\t\t<a itemprop=\"image\" class=\"qode-aig-lightbox\" href=\"https:\/\/acoutech.ch\/wp-content\/uploads\/2024\/10\/10-Acoutech-GmbH-AcouOffice-Raumtrenner-01.jpg\" data-rel=\"prettyPhoto[image_gallery_pretty_photo-864]\" title=\"acouOffice flexi series acoutech gmbh syst\u00e8mes acoustiques Lachen Suisse\">\n\t\t\t\t\t\t\t\t\t\t\t<img fetchpriority=\"high\" decoding=\"async\" width=\"1000\" height=\"1000\" src=\"https:\/\/acoutech.ch\/wp-content\/uploads\/2024\/10\/10-Acoutech-GmbH-AcouOffice-Raumtrenner-01.jpg\" class=\"attachment-full size-full\" alt=\"acouOffice flexi series acoutech gmbh syst\u00e8mes acoustiques Lachen Suisse\" srcset=\"https:\/\/acoutech.ch\/wp-content\/uploads\/2024\/10\/10-Acoutech-GmbH-AcouOffice-Raumtrenner-01.jpg 1000w, https:\/\/acoutech.ch\/wp-content\/uploads\/2024\/10\/10-Acoutech-GmbH-AcouOffice-Raumtrenner-01-300x300.jpg 300w, https:\/\/acoutech.ch\/wp-content\/uploads\/2024\/10\/10-Acoutech-GmbH-AcouOffice-Raumtrenner-01-150x150.jpg 150w, https:\/\/acoutech.ch\/wp-content\/uploads\/2024\/10\/10-Acoutech-GmbH-AcouOffice-Raumtrenner-01-768x768.jpg 768w, https:\/\/acoutech.ch\/wp-content\/uploads\/2024\/10\/10-Acoutech-GmbH-AcouOffice-Raumtrenner-01-570x570.jpg 570w, https:\/\/acoutech.ch\/wp-content\/uploads\/2024\/10\/10-Acoutech-GmbH-AcouOffice-Raumtrenner-01-500x500.jpg 500w, https:\/\/acoutech.ch\/wp-content\/uploads\/2024\/10\/10-Acoutech-GmbH-AcouOffice-Raumtrenner-01-700x700.jpg 700w, https:\/\/acoutech.ch\/wp-content\/uploads\/2024\/10\/10-Acoutech-GmbH-AcouOffice-Raumtrenner-01-650x650.jpg 650w\" sizes=\"(max-width: 1000px) 100vw, 1000px\" \/>\t\t\t\t\t\t<span class=\"aig-gallery-hover\">\n\t\t\t\t\t\t\t\t\t\t\t\t\t<\/span>\n\t\t\t\t\t\t\t\t\t\t\t<\/a>\n\t\t\t\t\t\t\t\t\t<\/div>\n\t\t\t<\/div>\n\t\t\t\t\t\t\t\t<div class=\"qode-aig-image qode-item-space qode-aig-default-masonry-item\">\n\t\t\t\t<div class=\"qode-aig-image-inner\">\n\t\t\t\t\t\t\t\t\t\t\t<a itemprop=\"image\" class=\"qode-aig-lightbox\" href=\"https:\/\/acoutech.ch\/wp-content\/uploads\/2024\/10\/10-Acoutech-GmbH-AcouOffice-Raumtrenner-02.jpg\" data-rel=\"prettyPhoto[image_gallery_pretty_photo-864]\" title=\"acouOffice flexi series acoutech gmbh syst\u00e8mes acoustiques Lachen Suisse\">\n\t\t\t\t\t\t\t\t\t\t\t<img decoding=\"async\" width=\"1000\" height=\"1000\" src=\"https:\/\/acoutech.ch\/wp-content\/uploads\/2024\/10\/10-Acoutech-GmbH-AcouOffice-Raumtrenner-02.jpg\" class=\"attachment-full size-full\" alt=\"acouOffice flexi series acoutech gmbh syst\u00e8mes acoustiques Lachen Suisse\" srcset=\"https:\/\/acoutech.ch\/wp-content\/uploads\/2024\/10\/10-Acoutech-GmbH-AcouOffice-Raumtrenner-02.jpg 1000w, https:\/\/acoutech.ch\/wp-content\/uploads\/2024\/10\/10-Acoutech-GmbH-AcouOffice-Raumtrenner-02-300x300.jpg 300w, https:\/\/acoutech.ch\/wp-content\/uploads\/2024\/10\/10-Acoutech-GmbH-AcouOffice-Raumtrenner-02-150x150.jpg 150w, https:\/\/acoutech.ch\/wp-content\/uploads\/2024\/10\/10-Acoutech-GmbH-AcouOffice-Raumtrenner-02-768x768.jpg 768w, https:\/\/acoutech.ch\/wp-content\/uploads\/2024\/10\/10-Acoutech-GmbH-AcouOffice-Raumtrenner-02-570x570.jpg 570w, https:\/\/acoutech.ch\/wp-content\/uploads\/2024\/10\/10-Acoutech-GmbH-AcouOffice-Raumtrenner-02-500x500.jpg 500w, https:\/\/acoutech.ch\/wp-content\/uploads\/2024\/10\/10-Acoutech-GmbH-AcouOffice-Raumtrenner-02-700x700.jpg 700w, https:\/\/acoutech.ch\/wp-content\/uploads\/2024\/10\/10-Acoutech-GmbH-AcouOffice-Raumtrenner-02-650x650.jpg 650w\" sizes=\"(max-width: 1000px) 100vw, 1000px\" \/>\t\t\t\t\t\t<span class=\"aig-gallery-hover\">\n\t\t\t\t\t\t\t\t\t\t\t\t\t<\/span>\n\t\t\t\t\t\t\t\t\t\t\t<\/a>\n\t\t\t\t\t\t\t\t\t<\/div>\n\t\t\t<\/div>\n\t\t\t\t\t\t\t\t<div class=\"qode-aig-image qode-item-space qode-aig-default-masonry-item\">\n\t\t\t\t<div class=\"qode-aig-image-inner\">\n\t\t\t\t\t\t\t\t\t\t\t<a itemprop=\"image\" class=\"qode-aig-lightbox\" href=\"https:\/\/acoutech.ch\/wp-content\/uploads\/2025\/06\/10-Acoutech-GmbH-AcouDivider-03-NEU.jpg\" data-rel=\"prettyPhoto[image_gallery_pretty_photo-864]\" title=\"10-Acoutech-GmbH-AcouDivider-03-NEU\">\n\t\t\t\t\t\t\t\t\t\t\t<img decoding=\"async\" width=\"1000\" height=\"1000\" src=\"https:\/\/acoutech.ch\/wp-content\/uploads\/2025\/06\/10-Acoutech-GmbH-AcouDivider-03-NEU.jpg\" class=\"attachment-full size-full\" alt=\"\" srcset=\"https:\/\/acoutech.ch\/wp-content\/uploads\/2025\/06\/10-Acoutech-GmbH-AcouDivider-03-NEU.jpg 1000w, https:\/\/acoutech.ch\/wp-content\/uploads\/2025\/06\/10-Acoutech-GmbH-AcouDivider-03-NEU-300x300.jpg 300w, https:\/\/acoutech.ch\/wp-content\/uploads\/2025\/06\/10-Acoutech-GmbH-AcouDivider-03-NEU-150x150.jpg 150w, https:\/\/acoutech.ch\/wp-content\/uploads\/2025\/06\/10-Acoutech-GmbH-AcouDivider-03-NEU-768x768.jpg 768w, https:\/\/acoutech.ch\/wp-content\/uploads\/2025\/06\/10-Acoutech-GmbH-AcouDivider-03-NEU-570x570.jpg 570w, https:\/\/acoutech.ch\/wp-content\/uploads\/2025\/06\/10-Acoutech-GmbH-AcouDivider-03-NEU-500x500.jpg 500w, https:\/\/acoutech.ch\/wp-content\/uploads\/2025\/06\/10-Acoutech-GmbH-AcouDivider-03-NEU-700x700.jpg 700w, https:\/\/acoutech.ch\/wp-content\/uploads\/2025\/06\/10-Acoutech-GmbH-AcouDivider-03-NEU-650x650.jpg 650w\" sizes=\"(max-width: 1000px) 100vw, 1000px\" \/>\t\t\t\t\t\t<span class=\"aig-gallery-hover\">\n\t\t\t\t\t\t\t\t\t\t\t\t\t<\/span>\n\t\t\t\t\t\t\t\t\t\t\t<\/a>\n\t\t\t\t\t\t\t\t\t<\/div>\n\t\t\t<\/div>\n\t\t\t\t\t\t\t\t<div class=\"qode-aig-image qode-item-space qode-aig-default-masonry-item\">\n\t\t\t\t<div class=\"qode-aig-image-inner\">\n\t\t\t\t\t\t\t\t\t\t\t<a itemprop=\"image\" class=\"qode-aig-lightbox\" href=\"https:\/\/acoutech.ch\/wp-content\/uploads\/2024\/10\/10-Acoutech-GmbH-AcouDivider-04.jpg\" data-rel=\"prettyPhoto[image_gallery_pretty_photo-864]\" title=\"acouOffice flexi series acoutech gmbh syst\u00e8mes acoustiques Lachen Suisse\">\n\t\t\t\t\t\t\t\t\t\t\t<img loading=\"lazy\" decoding=\"async\" width=\"1000\" height=\"1000\" src=\"https:\/\/acoutech.ch\/wp-content\/uploads\/2024\/10\/10-Acoutech-GmbH-AcouDivider-04.jpg\" class=\"attachment-full size-full\" alt=\"acouOffice flexi series acoutech gmbh syst\u00e8mes acoustiques Lachen Suisse\" srcset=\"https:\/\/acoutech.ch\/wp-content\/uploads\/2024\/10\/10-Acoutech-GmbH-AcouDivider-04.jpg 1000w, https:\/\/acoutech.ch\/wp-content\/uploads\/2024\/10\/10-Acoutech-GmbH-AcouDivider-04-300x300.jpg 300w, https:\/\/acoutech.ch\/wp-content\/uploads\/2024\/10\/10-Acoutech-GmbH-AcouDivider-04-150x150.jpg 150w, https:\/\/acoutech.ch\/wp-content\/uploads\/2024\/10\/10-Acoutech-GmbH-AcouDivider-04-768x768.jpg 768w, https:\/\/acoutech.ch\/wp-content\/uploads\/2024\/10\/10-Acoutech-GmbH-AcouDivider-04-570x570.jpg 570w, https:\/\/acoutech.ch\/wp-content\/uploads\/2024\/10\/10-Acoutech-GmbH-AcouDivider-04-500x500.jpg 500w, https:\/\/acoutech.ch\/wp-content\/uploads\/2024\/10\/10-Acoutech-GmbH-AcouDivider-04-700x700.jpg 700w, https:\/\/acoutech.ch\/wp-content\/uploads\/2024\/10\/10-Acoutech-GmbH-AcouDivider-04-650x650.jpg 650w\" sizes=\"(max-width: 1000px) 100vw, 1000px\" \/>\t\t\t\t\t\t<span class=\"aig-gallery-hover\">\n\t\t\t\t\t\t\t\t\t\t\t\t\t<\/span>\n\t\t\t\t\t\t\t\t\t\t\t<\/a>\n\t\t\t\t\t\t\t\t\t<\/div>\n\t\t\t<\/div>\n\t\t\t<\/div>\n<\/div>[\/vc_column][vc_column offset=&#8221;vc_col-lg-offset-0 vc_col-lg-6 vc_col-md-offset-0 vc_col-md-6 vc_col-sm-offset-0 vc_col-xs-12&#8243;][vc_row_inner row_type=&#8221;row&#8221; type=&#8221;full_width&#8221; text_align=&#8221;left&#8221; css_animation=&#8221;&#8221;][vc_column_inner offset=&#8221;vc_hidden-sm vc_hidden-xs&#8221;][vc_column_text]<\/p>\n<h4>acouDivider S\u00e9parateur de pi\u00e8ce<\/h4>\n<p>[\/vc_column_text][vc_empty_space height=&#8221;15px&#8221;][\/vc_column_inner][\/vc_row_inner][vc_column_text]Qu&#8217;il s&#8217;agisse de cr\u00e9er un environnement de travail silencieux ou de r\u00e9aliser des am\u00e9nagements cr\u00e9atifs, acouOffice offre la flexibilit\u00e9 n\u00e9cessaire. Le s\u00e9parateur de pi\u00e8ce acouDivider mobile est un s\u00e9parateur d\u2019espace acoustique avec ou sans espace de rangement et peut \u00eatre d\u00e9plac\u00e9 de mani\u00e8re flexible &#8211; l\u00e0 o\u00f9 il est n\u00e9cessaire. L&#8217;esth\u00e9tique et la fonctionnalit\u00e9 sont r\u00e9unies de mani\u00e8re impressionnante. Avec son design modulaire et flexible combin\u00e9 \u00e0 nos produits \u00e9prouv\u00e9s <a href=\"https:\/\/acoutech.ch\/fr\/portfolio_page\/stereo-panneaux-muraux\/\">STEREO<\/a>, <a href=\"https:\/\/acoutech.ch\/fr\/portfolio_page\/cloisons-mobiles-kora\/\">KORA<\/a> et <a href=\"https:\/\/acoutech.ch\/fr\/portfolio_page\/revetements-acoustique-vibrasto\/\">VIBRASTO<\/a>, la s\u00e9rie acouOffice ne se contente pas de mettre l&#8217;accent sur l&#8217;aspect visuel, mais s&#8217;adapte aussi sans peine aux besoins individuels.[\/vc_column_text][vc_empty_space height=&#8221;15px&#8221;][vc_column_text]Int\u00e9ress\u00e9 par ce produit ? Avec plaisir nous vous conseillons individuellement :\u00a0<a href=\"m&#97;&#x69;&#x6c;&#x74;o&#58;&#x69;&#x6e;&#x66;o&#64;&#x61;&#x63;&#x6f;u&#116;&#x65;&#x63;&#x68;&#46;&#99;&#x68;?subject=acouDivider%20S\u00e9parateur%20de%20pi\u00e8ce\">&#x69;n&#x66;&#111;&#x40;&#97;c&#x6f;u&#x74;&#101;&#x63;&#104;&#46;&#x63;&#104;<\/a>[\/vc_column_text][vc_empty_space height=&#8221;15px&#8221;][vc_accordion active_tab=&#8221;false&#8221; collapsible=&#8221;yes&#8221; style=&#8221;accordion&#8221;][vc_accordion_tab title=&#8221;Caract\u00e9ristiques du produit&#8221;][vc_column_text]<\/p>\n<h5>Composition<\/h5>\n<p>Les meubles modulaires sont fabriqu\u00e9s en pin fran\u00e7ais, une ressource naturellement renouvelable. Sur demande, les meubles peuvent \u00e9galement \u00eatre fabriqu\u00e9s avec d&#8217;autres essences de bois. Les modules sont mont\u00e9s sur roues, ce qui les rend mobiles et flexibles. Construction en combinaison avec des panneaux muraux et des rev\u00eatements acoustiques.[\/vc_column_text][vc_empty_space height=&#8221;10px&#8221;][vc_column_text]<\/p>\n<h5>Caract\u00e9ristiques techniques<\/h5>\n<ul>\n<li>\u00a0Modules en bois :<br \/>\nFlexible et modulaire<br \/>\nLe pin a un effet positif dans les pi\u00e8ces pr\u00e9sentant des probl\u00e8mes de r\u00e9verb\u00e9ration gr\u00e2ce \u00e0 l&#8217;absorption acoustique<\/li>\n<li>En combinaison avec STEREO et VIBRASTO :<br \/>\n<strong>Robustesse de l\u2019enveloppe textile<\/strong><br \/>\nPerformances de\u00a0<strong>l\u2019Aeria 330 g\/m2 ind\u00e9maillable<\/strong><br \/>\nProtection contre la salissure :<br \/>\n<strong>Hydro-ol\u00e9ophobie \u2265 5<\/strong>\u00a0(AATCC118 et AATCC193)<br \/>\n<strong>Caract\u00e8re antistatique\u00a07.1010\u00a0\u03a9<\/strong>\u00a0(EN1149-1)<\/li>\n<\/ul>\n<p>[\/vc_column_text][vc_empty_space height=&#8221;10px&#8221;][vc_column_text]<\/p>\n<h5>Acoustique<\/h5>\n<p>Absorbant classe A-D, selon la combinaison[\/vc_column_text][vc_empty_space height=&#8221;10px&#8221;][vc_column_text]<\/p>\n<h5><strong>Classement europ\u00e9en de r\u00e9action au feu produit complet<\/strong><\/h5>\n<p style=\"font-weight: 400;\">n\/a<\/p>\n<p>[\/vc_column_text][vc_empty_space height=&#8221;10px&#8221;][vc_column_text]<\/p>\n<h5>Dimensions<\/h5>\n<p><a href=\"https:\/\/acoutech.ch\/wp-content\/uploads\/2025\/06\/acoutech-GmbH_formats_acouDivider_FR.pdf\" target=\"_blank\" rel=\"noopener\">Download<\/a>[\/vc_column_text][vc_empty_space height=&#8221;10px&#8221;][vc_column_text]<\/p>\n<h5>Environnement<\/h5>\n<p style=\"font-weight: 400;\">Mati\u00e8re premi\u00e8re locale et renouvelable, recyclage par reconversion \/ autre utilisation du bois<\/p>\n<p>[\/vc_column_text][vc_empty_space height=&#8221;10px&#8221;][vc_column_text]<\/p>\n<h5>Entretien<\/h5>\n<p>Bois : essuyer avec des produits d&#8217;entretien pour le bois<br \/>\nTextile : aspiration, d\u00e9montage et remontage possibles, amovible et lavable en machine[\/vc_column_text][vc_empty_space height=&#8221;10px&#8221;][vc_column_text]<\/p>\n<h5>Garantie<\/h5>\n<p>2 ans[\/vc_column_text][vc_empty_space height=&#8221;10px&#8221;][vc_column_text]<\/p>\n<h5>Couleurs<\/h5>\n<p>Pin, textile : au choix parmi 30 couleurs<br \/>\nCouleurs sp\u00e9ciales sur demande[\/vc_column_text][vc_empty_space height=&#8221;10px&#8221;][vc_column_text]<\/p>\n<h5>Installation<\/h5>\n<p>Montage facile des modules pr\u00e9fabriqu\u00e9s[\/vc_column_text][vc_empty_space height=&#8221;10px&#8221;][vc_column_text]<\/p>\n<h5>Domaines d&#8217;utilisation :<\/h5>\n<p>Bureau[\/vc_column_text][vc_empty_space height=&#8221;20px&#8221;][\/vc_accordion_tab][\/vc_accordion][vc_empty_space height=&#8221;30px&#8221;][vc_column_text]<\/p>\n<h5>Caract\u00e9ristiques:<\/h5>\n<p>[\/vc_column_text][vc_row_inner row_type=&#8221;row&#8221; type=&#8221;full_width&#8221; text_align=&#8221;left&#8221; css_animation=&#8221;&#8221;][vc_column_inner width=&#8221;1\/6&#8243;][vc_single_image image=&#8221;631&#8243; img_size=&#8221;100&#215;100&#8243; alignment=&#8221;center&#8221; qode_css_animation=&#8221;&#8221;][vc_empty_space height=&#8221;20px&#8221;][\/vc_column_inner][vc_column_inner width=&#8221;1\/6&#8243;][vc_single_image image=&#8221;473&#8243; img_size=&#8221;100&#215;100&#8243; alignment=&#8221;center&#8221; qode_css_animation=&#8221;&#8221;][vc_empty_space height=&#8221;20px&#8221;][\/vc_column_inner][vc_column_inner width=&#8221;1\/6&#8243;][\/vc_column_inner][vc_column_inner width=&#8221;1\/6&#8243;][\/vc_column_inner][vc_column_inner width=&#8221;1\/6&#8243;][\/vc_column_inner][\/vc_row_inner][vc_column_text]<\/p>\n<h5>Download:<\/h5>\n<p>[\/vc_column_text][vc_row_inner row_type=&#8221;row&#8221; type=&#8221;full_width&#8221; text_align=&#8221;left&#8221; css_animation=&#8221;&#8221;][vc_column_inner width=&#8221;1\/6&#8243;][vc_single_image image=&#8221;641&#8243; img_size=&#8221;100&#215;100&#8243; alignment=&#8221;center&#8221; onclick=&#8221;custom_link&#8221; img_link_target=&#8221;_blank&#8221; qode_css_animation=&#8221;&#8221; qode_hover_animation=&#8221;zoom_in&#8221; link=&#8221;https:\/\/acoutech.ch\/wp-content\/uploads\/2025\/05\/acoutech-GmbH_Farbpalette-AERIA_2025-FR.pdf&#8221;][vc_empty_space height=&#8221;20px&#8221;][\/vc_column_inner][vc_column_inner width=&#8221;1\/6&#8243;][vc_single_image image=&#8221;479&#8243; img_size=&#8221;100&#215;100&#8243; alignment=&#8221;center&#8221; onclick=&#8221;custom_link&#8221; img_link_target=&#8221;_blank&#8221; qode_css_animation=&#8221;&#8221; qode_hover_animation=&#8221;zoom_in&#8221; link=&#8221;https:\/\/acoutech.ch\/wp-content\/uploads\/2025\/06\/acoutech-GmbH_formats_acouDivider_FR.pdf&#8221;][vc_empty_space height=&#8221;20px&#8221;][\/vc_column_inner][vc_column_inner width=&#8221;1\/6&#8243;][vc_single_image image=&#8221;647&#8243; img_size=&#8221;100&#215;100&#8243; alignment=&#8221;center&#8221; onclick=&#8221;custom_link&#8221; img_link_target=&#8221;_blank&#8221; qode_css_animation=&#8221;&#8221; qode_hover_animation=&#8221;zoom_in&#8221;][vc_empty_space height=&#8221;20px&#8221;][\/vc_column_inner][\/vc_row_inner][\/vc_column][\/vc_row]<\/p>\n<\/div>","protected":false},"excerpt":{"rendered":"<p>[vc_row rtl_reverse=&#8221;yes&#8221; css_animation=&#8221;&#8221; row_type=&#8221;row&#8221; use_row_as_full_screen_section=&#8221;no&#8221; type=&#8221;full_width&#8221; angled_section=&#8221;no&#8221; text_align=&#8221;left&#8221; background_image_as_pattern=&#8221;without_pattern&#8221; z_index=&#8221;&#8221; side_padding=&#8221;11&#8243;][vc_column offset=&#8221;vc_col-lg-offset-0 vc_col-lg-6 vc_hidden-lg vc_col-md-offset-0 vc_col-md-6 vc_hidden-md vc_col-sm-offset-0 vc_col-xs-12&#8243;][vc_column_text] acouDivider S\u00e9parateur de pi\u00e8ce [\/vc_column_text][vc_empty_space height=&#8221;15px&#8221;][\/vc_column][\/vc_row][vc_row rtl_reverse=&#8221;yes&#8221; css_animation=&#8221;&#8221; row_type=&#8221;row&#8221; use_row_as_full_screen_section=&#8221;no&#8221; type=&#8221;full_width&#8221; angled_section=&#8221;no&#8221; text_align=&#8221;left&#8221; background_image_as_pattern=&#8221;without_pattern&#8221; z_index=&#8221;&#8221; side_padding=&#8221;11&#8243;][vc_column offset=&#8221;vc_col-lg-offset-0 vc_col-lg-6 vc_col-md-offset-0 vc_col-md-6 vc_col-sm-offset-0 vc_col-xs-12&#8243;][\/vc_column][vc_column offset=&#8221;vc_col-lg-offset-0 vc_col-lg-6 vc_col-md-offset-0 vc_col-md-6&#8230;<\/p>\n","protected":false},"author":1,"featured_media":1535,"menu_order":0,"comment_status":"closed","ping_status":"closed","template":"","class_list":["post-1759","portfolio_page","type-portfolio_page","status-publish","has-post-thumbnail","hentry","portfolio_category-acouoffice-fr"],"yoast_head":"<!-- This site is optimized with the Yoast SEO plugin v27.4 - https:\/\/yoast.com\/product\/yoast-seo-wordpress\/ -->\n<title>acouDividerS\u00e9parateur de pi\u00e8ce - acoutech gmbh<\/title>\n<meta name=\"description\" content=\"Le s\u00e9parateur de pi\u00e8ce acouDivider mobile est un s\u00e9parateur d\u2019espace acoustique avec ou sans espace de rangement et peut \u00eatre d\u00e9plac\u00e9 de mani\u00e8re flexible - l\u00e0 o\u00f9 il est n\u00e9cessaire.\" \/>\n<meta name=\"robots\" content=\"index, follow, max-snippet:-1, max-image-preview:large, max-video-preview:-1\" \/>\n<link rel=\"canonical\" href=\"https:\/\/acoutech.ch\/fr\/portfolio_page\/acoudivider-separateur-de-piece\/\" \/>\n<meta property=\"og:locale\" content=\"fr_FR\" \/>\n<meta property=\"og:type\" content=\"article\" \/>\n<meta property=\"og:title\" content=\"acouDividerS\u00e9parateur de pi\u00e8ce - acoutech gmbh\" \/>\n<meta property=\"og:description\" content=\"Le s\u00e9parateur de pi\u00e8ce acouDivider mobile est un s\u00e9parateur d\u2019espace acoustique avec ou sans espace de rangement et peut \u00eatre d\u00e9plac\u00e9 de mani\u00e8re flexible - l\u00e0 o\u00f9 il est n\u00e9cessaire.\" \/>\n<meta property=\"og:url\" content=\"https:\/\/acoutech.ch\/fr\/portfolio_page\/acoudivider-separateur-de-piece\/\" \/>\n<meta property=\"og:site_name\" content=\"acoutech gmbh\" \/>\n<meta property=\"article:modified_time\" content=\"2026-02-08T14:52:03+00:00\" \/>\n<meta property=\"og:image\" content=\"https:\/\/acoutech.ch\/wp-content\/uploads\/2024\/10\/10-Acoutech-GmbH-AcouOffice-Raumtrenner-vorschau.png\" \/>\n\t<meta property=\"og:image:width\" content=\"437\" \/>\n\t<meta property=\"og:image:height\" content=\"437\" \/>\n\t<meta property=\"og:image:type\" content=\"image\/png\" \/>\n<meta name=\"twitter:card\" content=\"summary_large_image\" \/>\n<meta name=\"twitter:label1\" content=\"Dur\u00e9e de lecture estim\u00e9e\" \/>\n\t<meta name=\"twitter:data1\" content=\"4 minutes\" \/>\n<!-- \/ Yoast SEO plugin. -->","yoast_head_json":{"title":"acouDividerS\u00e9parateur de pi\u00e8ce - acoutech gmbh","description":"Le s\u00e9parateur de pi\u00e8ce acouDivider mobile est un s\u00e9parateur d\u2019espace acoustique avec ou sans espace de rangement et peut \u00eatre d\u00e9plac\u00e9 de mani\u00e8re flexible - l\u00e0 o\u00f9 il est n\u00e9cessaire.","robots":{"index":"index","follow":"follow","max-snippet":"max-snippet:-1","max-image-preview":"max-image-preview:large","max-video-preview":"max-video-preview:-1"},"canonical":"https:\/\/acoutech.ch\/fr\/portfolio_page\/acoudivider-separateur-de-piece\/","og_locale":"fr_FR","og_type":"article","og_title":"acouDividerS\u00e9parateur de pi\u00e8ce - acoutech gmbh","og_description":"Le s\u00e9parateur de pi\u00e8ce acouDivider mobile est un s\u00e9parateur d\u2019espace acoustique avec ou sans espace de rangement et peut \u00eatre d\u00e9plac\u00e9 de mani\u00e8re flexible - l\u00e0 o\u00f9 il est n\u00e9cessaire.","og_url":"https:\/\/acoutech.ch\/fr\/portfolio_page\/acoudivider-separateur-de-piece\/","og_site_name":"acoutech gmbh","article_modified_time":"2026-02-08T14:52:03+00:00","og_image":[{"width":437,"height":437,"url":"https:\/\/acoutech.ch\/wp-content\/uploads\/2024\/10\/10-Acoutech-GmbH-AcouOffice-Raumtrenner-vorschau.png","type":"image\/png"}],"twitter_card":"summary_large_image","twitter_misc":{"Dur\u00e9e de lecture estim\u00e9e":"4 minutes"},"schema":{"@context":"https:\/\/schema.org","@graph":[{"@type":"WebPage","@id":"https:\/\/acoutech.ch\/fr\/portfolio_page\/acoudivider-separateur-de-piece\/","url":"https:\/\/acoutech.ch\/fr\/portfolio_page\/acoudivider-separateur-de-piece\/","name":"acouDivider S\u00e9parateur de pi\u00e8ce - acoutech gmbh","isPartOf":{"@id":"https:\/\/acoutech.ch\/fr\/#website"},"primaryImageOfPage":{"@id":"https:\/\/acoutech.ch\/fr\/portfolio_page\/acoudivider-separateur-de-piece\/#primaryimage"},"image":{"@id":"https:\/\/acoutech.ch\/fr\/portfolio_page\/acoudivider-separateur-de-piece\/#primaryimage"},"thumbnailUrl":"https:\/\/acoutech.ch\/wp-content\/uploads\/2024\/10\/10-Acoutech-GmbH-AcouOffice-Raumtrenner-vorschau.png","datePublished":"2024-10-02T05:10:36+00:00","dateModified":"2026-02-08T14:52:03+00:00","description":"Le s\u00e9parateur de pi\u00e8ce acouDivider mobile est un s\u00e9parateur d\u2019espace acoustique avec ou sans espace de rangement et peut \u00eatre d\u00e9plac\u00e9 de mani\u00e8re flexible - l\u00e0 o\u00f9 il est n\u00e9cessaire.","breadcrumb":{"@id":"https:\/\/acoutech.ch\/fr\/portfolio_page\/acoudivider-separateur-de-piece\/#breadcrumb"},"inLanguage":"fr-FR","potentialAction":[{"@type":"ReadAction","target":["https:\/\/acoutech.ch\/fr\/portfolio_page\/acoudivider-separateur-de-piece\/"]}]},{"@type":"ImageObject","inLanguage":"fr-FR","@id":"https:\/\/acoutech.ch\/fr\/portfolio_page\/acoudivider-separateur-de-piece\/#primaryimage","url":"https:\/\/acoutech.ch\/wp-content\/uploads\/2024\/10\/10-Acoutech-GmbH-AcouOffice-Raumtrenner-vorschau.png","contentUrl":"https:\/\/acoutech.ch\/wp-content\/uploads\/2024\/10\/10-Acoutech-GmbH-AcouOffice-Raumtrenner-vorschau.png","width":437,"height":437,"caption":"acouOffice flexi series acoutech gmbh syst\u00e8mes acoustiques Lachen Suisse"},{"@type":"BreadcrumbList","@id":"https:\/\/acoutech.ch\/fr\/portfolio_page\/acoudivider-separateur-de-piece\/#breadcrumb","itemListElement":[{"@type":"ListItem","position":1,"name":"Startseite","item":"https:\/\/acoutech.ch\/fr\/"},{"@type":"ListItem","position":2,"name":"Portfolio","item":"https:\/\/acoutech.ch\/fr\/portfolio_page\/"},{"@type":"ListItem","position":3,"name":"acouDividerS\u00e9parateur de pi\u00e8ce"}]},{"@type":"WebSite","@id":"https:\/\/acoutech.ch\/fr\/#website","url":"https:\/\/acoutech.ch\/fr\/","name":"acoutech gmbh","description":"Raumakustische Systeme","publisher":{"@id":"https:\/\/acoutech.ch\/fr\/#organization"},"potentialAction":[{"@type":"SearchAction","target":{"@type":"EntryPoint","urlTemplate":"https:\/\/acoutech.ch\/fr\/?s={search_term_string}"},"query-input":{"@type":"PropertyValueSpecification","valueRequired":true,"valueName":"search_term_string"}}],"inLanguage":"fr-FR"},{"@type":"Organization","@id":"https:\/\/acoutech.ch\/fr\/#organization","name":"acoutech gmbh","url":"https:\/\/acoutech.ch\/fr\/","logo":{"@type":"ImageObject","inLanguage":"fr-FR","@id":"https:\/\/acoutech.ch\/fr\/#\/schema\/logo\/image\/","url":"https:\/\/acoutech.ch\/wp-content\/uploads\/2024\/07\/Acoutech_Logo_2024_WEB-opt.png","contentUrl":"https:\/\/acoutech.ch\/wp-content\/uploads\/2024\/07\/Acoutech_Logo_2024_WEB-opt.png","width":348,"height":45,"caption":"acoutech gmbh"},"image":{"@id":"https:\/\/acoutech.ch\/fr\/#\/schema\/logo\/image\/"}}]}},"_links":{"self":[{"href":"https:\/\/acoutech.ch\/fr\/wp-json\/wp\/v2\/portfolio_page\/1759","targetHints":{"allow":["GET"]}}],"collection":[{"href":"https:\/\/acoutech.ch\/fr\/wp-json\/wp\/v2\/portfolio_page"}],"about":[{"href":"https:\/\/acoutech.ch\/fr\/wp-json\/wp\/v2\/types\/portfolio_page"}],"author":[{"embeddable":true,"href":"https:\/\/acoutech.ch\/fr\/wp-json\/wp\/v2\/users\/1"}],"replies":[{"embeddable":true,"href":"https:\/\/acoutech.ch\/fr\/wp-json\/wp\/v2\/comments?post=1759"}],"wp:featuredmedia":[{"embeddable":true,"href":"https:\/\/acoutech.ch\/fr\/wp-json\/wp\/v2\/media\/1535"}],"wp:attachment":[{"href":"https:\/\/acoutech.ch\/fr\/wp-json\/wp\/v2\/media?parent=1759"}],"curies":[{"name":"wp","href":"https:\/\/api.w.org\/{rel}","templated":true}]}}