{"id":605,"date":"2024-07-05T11:01:09","date_gmt":"2024-07-05T09:01:09","guid":{"rendered":"https:\/\/2022.acoutech.ch\/portfolio_page\/abso-wuerfel-quader-kegel\/"},"modified":"2026-02-08T16:01:04","modified_gmt":"2026-02-08T15:01:04","slug":"abso-cubes-paves-et-cones","status":"publish","type":"portfolio_page","link":"https:\/\/acoutech.ch\/fr\/portfolio_page\/abso-cubes-paves-et-cones\/","title":{"rendered":"ABSO<br>Cubes, pav\u00e9s et c\u00f4nes"},"content":{"rendered":"<div class=\"wpb-content-wrapper\"><p>[vc_row rtl_reverse=&#8221;yes&#8221; css_animation=&#8221;&#8221; row_type=&#8221;row&#8221; use_row_as_full_screen_section=&#8221;no&#8221; type=&#8221;full_width&#8221; angled_section=&#8221;no&#8221; text_align=&#8221;left&#8221; background_image_as_pattern=&#8221;without_pattern&#8221; z_index=&#8221;&#8221; side_padding=&#8221;11&#8243;][vc_column offset=&#8221;vc_col-lg-offset-0 vc_col-lg-6 vc_hidden-lg vc_col-md-offset-0 vc_col-md-6 vc_hidden-md vc_col-sm-offset-0 vc_col-xs-12&#8243;][vc_column_text]<\/p>\n<h4>ABSO Cubes, pav\u00e9s et c\u00f4nes<\/h4>\n<p>[\/vc_column_text][vc_empty_space height=&#8221;15px&#8221;][\/vc_column][\/vc_row][vc_row rtl_reverse=&#8221;yes&#8221; css_animation=&#8221;&#8221; row_type=&#8221;row&#8221; use_row_as_full_screen_section=&#8221;no&#8221; type=&#8221;full_width&#8221; angled_section=&#8221;no&#8221; text_align=&#8221;left&#8221; background_image_as_pattern=&#8221;without_pattern&#8221; z_index=&#8221;&#8221; side_padding=&#8221;11&#8243;][vc_column offset=&#8221;vc_col-lg-offset-0 vc_col-lg-6 vc_col-md-offset-0 vc_col-md-6 vc_col-sm-offset-0 vc_col-xs-12&#8243;]<div class=\"qode-advanced-image-gallery  qode-aig-masonry-type qode-small-space  qode-image-behavior-lightbox \">\n\t<div class=\"qode-aig-inner qode-outer-space qode-aig-masonry qode-aig-two-columns\">\n\t\t<div class=\"qode-aig-grid-sizer\"><\/div>\n\t\t<div class=\"qode-aig-grid-gutter\"><\/div>\n\t\t\t\t\t\t\t\t<div class=\"qode-aig-image qode-item-space qode-aig-default-masonry-item\">\n\t\t\t\t<div class=\"qode-aig-image-inner\">\n\t\t\t\t\t\t\t\t\t\t\t<a itemprop=\"image\" class=\"qode-aig-lightbox\" href=\"https:\/\/acoutech.ch\/wp-content\/uploads\/2023\/05\/06-Acoutech-GmbH-abso-wuerfel-quader.jpg\" data-rel=\"prettyPhoto[image_gallery_pretty_photo-558]\" title=\"ABSO Cube pav\u00e9s et c\u00f4nes Acoutech GmbH syst\u00e8mes acoustiques Lachen Suisse\">\n\t\t\t\t\t\t\t\t\t\t\t<img fetchpriority=\"high\" decoding=\"async\" width=\"1000\" height=\"1000\" src=\"https:\/\/acoutech.ch\/wp-content\/uploads\/2023\/05\/06-Acoutech-GmbH-abso-wuerfel-quader.jpg\" class=\"attachment-full size-full\" alt=\"ABSO Cube pav\u00e9s et c\u00f4nes Acoutech GmbH syst\u00e8mes acoustiques Lachen Suisse\" srcset=\"https:\/\/acoutech.ch\/wp-content\/uploads\/2023\/05\/06-Acoutech-GmbH-abso-wuerfel-quader.jpg 1000w, https:\/\/acoutech.ch\/wp-content\/uploads\/2023\/05\/06-Acoutech-GmbH-abso-wuerfel-quader-300x300.jpg 300w, https:\/\/acoutech.ch\/wp-content\/uploads\/2023\/05\/06-Acoutech-GmbH-abso-wuerfel-quader-150x150.jpg 150w, https:\/\/acoutech.ch\/wp-content\/uploads\/2023\/05\/06-Acoutech-GmbH-abso-wuerfel-quader-768x768.jpg 768w, https:\/\/acoutech.ch\/wp-content\/uploads\/2023\/05\/06-Acoutech-GmbH-abso-wuerfel-quader-570x570.jpg 570w, https:\/\/acoutech.ch\/wp-content\/uploads\/2023\/05\/06-Acoutech-GmbH-abso-wuerfel-quader-500x500.jpg 500w, https:\/\/acoutech.ch\/wp-content\/uploads\/2023\/05\/06-Acoutech-GmbH-abso-wuerfel-quader-700x700.jpg 700w, https:\/\/acoutech.ch\/wp-content\/uploads\/2023\/05\/06-Acoutech-GmbH-abso-wuerfel-quader-650x650.jpg 650w\" sizes=\"(max-width: 1000px) 100vw, 1000px\" \/>\t\t\t\t\t\t<span class=\"aig-gallery-hover\">\n\t\t\t\t\t\t\t\t\t\t\t\t\t<\/span>\n\t\t\t\t\t\t\t\t\t\t\t<\/a>\n\t\t\t\t\t\t\t\t\t<\/div>\n\t\t\t<\/div>\n\t\t\t\t\t\t\t\t<div class=\"qode-aig-image qode-item-space qode-aig-default-masonry-item\">\n\t\t\t\t<div class=\"qode-aig-image-inner\">\n\t\t\t\t\t\t\t\t\t\t\t<a itemprop=\"image\" class=\"qode-aig-lightbox\" href=\"https:\/\/acoutech.ch\/wp-content\/uploads\/2020\/10\/06-Acoutech-GmbH-abso-kegel.jpg\" data-rel=\"prettyPhoto[image_gallery_pretty_photo-558]\" title=\"ABSO Acoustiquepad Acoutech GmbH syst\u00e8mes acoustiques Lachen Suisse\">\n\t\t\t\t\t\t\t\t\t\t\t<img decoding=\"async\" width=\"1000\" height=\"1000\" src=\"https:\/\/acoutech.ch\/wp-content\/uploads\/2020\/10\/06-Acoutech-GmbH-abso-kegel.jpg\" class=\"attachment-full size-full\" alt=\"ABSO Acoustiquepad Acoutech GmbH syst\u00e8mes acoustiques Lachen Suisse\" srcset=\"https:\/\/acoutech.ch\/wp-content\/uploads\/2020\/10\/06-Acoutech-GmbH-abso-kegel.jpg 1000w, https:\/\/acoutech.ch\/wp-content\/uploads\/2020\/10\/06-Acoutech-GmbH-abso-kegel-300x300.jpg 300w, https:\/\/acoutech.ch\/wp-content\/uploads\/2020\/10\/06-Acoutech-GmbH-abso-kegel-150x150.jpg 150w, https:\/\/acoutech.ch\/wp-content\/uploads\/2020\/10\/06-Acoutech-GmbH-abso-kegel-768x768.jpg 768w, https:\/\/acoutech.ch\/wp-content\/uploads\/2020\/10\/06-Acoutech-GmbH-abso-kegel-570x570.jpg 570w, https:\/\/acoutech.ch\/wp-content\/uploads\/2020\/10\/06-Acoutech-GmbH-abso-kegel-500x500.jpg 500w, https:\/\/acoutech.ch\/wp-content\/uploads\/2020\/10\/06-Acoutech-GmbH-abso-kegel-700x700.jpg 700w, https:\/\/acoutech.ch\/wp-content\/uploads\/2020\/10\/06-Acoutech-GmbH-abso-kegel-650x650.jpg 650w\" sizes=\"(max-width: 1000px) 100vw, 1000px\" \/>\t\t\t\t\t\t<span class=\"aig-gallery-hover\">\n\t\t\t\t\t\t\t\t\t\t\t\t\t<\/span>\n\t\t\t\t\t\t\t\t\t\t\t<\/a>\n\t\t\t\t\t\t\t\t\t<\/div>\n\t\t\t<\/div>\n\t\t\t\t\t\t\t\t<div class=\"qode-aig-image qode-item-space qode-aig-default-masonry-item\">\n\t\t\t\t<div class=\"qode-aig-image-inner\">\n\t\t\t\t\t\t\t\t\t\t\t<a itemprop=\"image\" class=\"qode-aig-lightbox\" href=\"https:\/\/acoutech.ch\/wp-content\/uploads\/2023\/05\/06-Acoutech-GmbH-abso-wuerfel.jpg\" data-rel=\"prettyPhoto[image_gallery_pretty_photo-558]\" title=\"ABSO Cube pav\u00e9s et c\u00f4nes Acoutech GmbH syst\u00e8mes acoustiques Lachen Suisse\">\n\t\t\t\t\t\t\t\t\t\t\t<img decoding=\"async\" width=\"1000\" height=\"1000\" src=\"https:\/\/acoutech.ch\/wp-content\/uploads\/2023\/05\/06-Acoutech-GmbH-abso-wuerfel.jpg\" class=\"attachment-full size-full\" alt=\"ABSO Cube pav\u00e9s et c\u00f4nes Acoutech GmbH syst\u00e8mes acoustiques Lachen Suisse\" srcset=\"https:\/\/acoutech.ch\/wp-content\/uploads\/2023\/05\/06-Acoutech-GmbH-abso-wuerfel.jpg 1000w, https:\/\/acoutech.ch\/wp-content\/uploads\/2023\/05\/06-Acoutech-GmbH-abso-wuerfel-300x300.jpg 300w, https:\/\/acoutech.ch\/wp-content\/uploads\/2023\/05\/06-Acoutech-GmbH-abso-wuerfel-150x150.jpg 150w, https:\/\/acoutech.ch\/wp-content\/uploads\/2023\/05\/06-Acoutech-GmbH-abso-wuerfel-768x768.jpg 768w, https:\/\/acoutech.ch\/wp-content\/uploads\/2023\/05\/06-Acoutech-GmbH-abso-wuerfel-570x570.jpg 570w, https:\/\/acoutech.ch\/wp-content\/uploads\/2023\/05\/06-Acoutech-GmbH-abso-wuerfel-500x500.jpg 500w, https:\/\/acoutech.ch\/wp-content\/uploads\/2023\/05\/06-Acoutech-GmbH-abso-wuerfel-700x700.jpg 700w, https:\/\/acoutech.ch\/wp-content\/uploads\/2023\/05\/06-Acoutech-GmbH-abso-wuerfel-650x650.jpg 650w\" sizes=\"(max-width: 1000px) 100vw, 1000px\" \/>\t\t\t\t\t\t<span class=\"aig-gallery-hover\">\n\t\t\t\t\t\t\t\t\t\t\t\t\t<\/span>\n\t\t\t\t\t\t\t\t\t\t\t<\/a>\n\t\t\t\t\t\t\t\t\t<\/div>\n\t\t\t<\/div>\n\t\t\t\t\t\t\t\t<div class=\"qode-aig-image qode-item-space qode-aig-default-masonry-item\">\n\t\t\t\t<div class=\"qode-aig-image-inner\">\n\t\t\t\t\t\t\t\t\t\t\t<a itemprop=\"image\" class=\"qode-aig-lightbox\" href=\"https:\/\/acoutech.ch\/wp-content\/uploads\/2023\/05\/06-Acoutech-GmbH-abso-wuerfel-kegel.jpg\" data-rel=\"prettyPhoto[image_gallery_pretty_photo-558]\" title=\"ABSO Cube pav\u00e9s et c\u00f4nes Acoutech GmbH syst\u00e8mes acoustiques Lachen Suisse\">\n\t\t\t\t\t\t\t\t\t\t\t<img loading=\"lazy\" decoding=\"async\" width=\"1000\" height=\"1000\" src=\"https:\/\/acoutech.ch\/wp-content\/uploads\/2023\/05\/06-Acoutech-GmbH-abso-wuerfel-kegel.jpg\" class=\"attachment-full size-full\" alt=\"ABSO Cube pav\u00e9s et c\u00f4nes Acoutech GmbH syst\u00e8mes acoustiques Lachen Suisse\" srcset=\"https:\/\/acoutech.ch\/wp-content\/uploads\/2023\/05\/06-Acoutech-GmbH-abso-wuerfel-kegel.jpg 1000w, https:\/\/acoutech.ch\/wp-content\/uploads\/2023\/05\/06-Acoutech-GmbH-abso-wuerfel-kegel-300x300.jpg 300w, https:\/\/acoutech.ch\/wp-content\/uploads\/2023\/05\/06-Acoutech-GmbH-abso-wuerfel-kegel-150x150.jpg 150w, https:\/\/acoutech.ch\/wp-content\/uploads\/2023\/05\/06-Acoutech-GmbH-abso-wuerfel-kegel-768x768.jpg 768w, https:\/\/acoutech.ch\/wp-content\/uploads\/2023\/05\/06-Acoutech-GmbH-abso-wuerfel-kegel-570x570.jpg 570w, https:\/\/acoutech.ch\/wp-content\/uploads\/2023\/05\/06-Acoutech-GmbH-abso-wuerfel-kegel-500x500.jpg 500w, https:\/\/acoutech.ch\/wp-content\/uploads\/2023\/05\/06-Acoutech-GmbH-abso-wuerfel-kegel-700x700.jpg 700w, https:\/\/acoutech.ch\/wp-content\/uploads\/2023\/05\/06-Acoutech-GmbH-abso-wuerfel-kegel-650x650.jpg 650w\" sizes=\"(max-width: 1000px) 100vw, 1000px\" \/>\t\t\t\t\t\t<span class=\"aig-gallery-hover\">\n\t\t\t\t\t\t\t\t\t\t\t\t\t<\/span>\n\t\t\t\t\t\t\t\t\t\t\t<\/a>\n\t\t\t\t\t\t\t\t\t<\/div>\n\t\t\t<\/div>\n\t\t\t<\/div>\n<\/div>[\/vc_column][vc_column offset=&#8221;vc_col-lg-offset-0 vc_col-lg-6 vc_col-md-offset-0 vc_col-md-6 vc_col-sm-offset-0 vc_col-xs-12&#8243;][vc_row_inner row_type=&#8221;row&#8221; type=&#8221;full_width&#8221; text_align=&#8221;left&#8221; css_animation=&#8221;&#8221;][vc_column_inner offset=&#8221;vc_hidden-sm vc_hidden-xs&#8221;][vc_column_text]<\/p>\n<h4>ABSO Cubes, pav\u00e9s et c\u00f4nes<\/h4>\n<p>[\/vc_column_text][vc_empty_space height=&#8221;15px&#8221;][\/vc_column_inner][\/vc_row_inner][vc_column_text]Les cubes, c\u00f4nes et parall\u00e9l\u00e9pip\u00e8des ABSO sont des produits uniques aux propri\u00e9t\u00e9s ludiques. Ces absorbeurs corporels sont notamment utilis\u00e9s dans les pi\u00e8ces \u00e0 hauts plafonds. Ils contribuent \u00e0 absorber ou \u00e0 r\u00e9fl\u00e9chir le son, ce qui repr\u00e9sente souvent un d\u00e9fi dans les pi\u00e8ces grandes et hautes. Les cubes, c\u00f4nes et parall\u00e9l\u00e9pip\u00e8des ABSO permettent de cr\u00e9er une atmosph\u00e8re agr\u00e9able et calme dans ces pi\u00e8ces, tout en y apportant une touche ludique. Les absorbeurs peuvent alors \u00eatre mont\u00e9s directement ou suspendus par des c\u00e2bles.[\/vc_column_text][vc_empty_space height=&#8221;15px&#8221;][vc_column_text]Int\u00e9ress\u00e9 par ce produit ? Avec plaisir nous vous conseillons individuellement :\u00a0<a href=\"&#x6d;&#97;&#105;&#x6c;&#x74;&#111;&#58;&#x69;&#x6e;&#102;&#111;&#x40;&#x61;&#99;&#111;&#x75;&#x74;&#101;&#99;&#x68;&#x2e;&#99;&#104;?subject=ABSO%20Cubes,%20pav\u00e9s%20et%20c\u00f4nes\">info&#64;&#97;&#99;&#111;&#117;&#116;&#101;&#x63;&#x68;&#x2e;&#x63;&#x68;<\/a>[\/vc_column_text][vc_empty_space height=&#8221;15px&#8221;][vc_accordion active_tab=&#8221;false&#8221; collapsible=&#8221;yes&#8221; style=&#8221;accordion&#8221;][vc_accordion_tab title=&#8221;Cubes et c\u00f4nes&#8221;][vc_column_text]<\/p>\n<h5>Composants<\/h5>\n<p style=\"font-weight: 400;\">L\u2019absorption acoustique sera assur\u00e9e par des\u2009:<\/p>\n<ul>\n<li>cubes<\/li>\n<li>c\u00f4nes<\/li>\n<\/ul>\n<p style=\"font-weight: 400;\">Abso constitu\u00e9s d\u2019une mousse alv\u00e9olaire AP de couleur grise et d\u2019une housse amovible* et lavable en textile transonore Aeria<br \/>\n<span style=\"font-weight: 400;\">* sauf le c\u00f4ne 500<\/span><\/p>\n<p>[\/vc_column_text][vc_empty_space height=&#8221;10px&#8221;][vc_column_text]<\/p>\n<h5>Caract\u00e9ristiques techniques<\/h5>\n<p style=\"font-weight: 400;\"><strong>Robustesse de l\u2019enveloppe textile<br \/>\n<\/strong>Performances de l\u2019<strong>Aeria<\/strong> <strong>330 g\/m2 ind\u00e9maillable<br \/>\n<\/strong>Protection contre la salissure :<br \/>\n<strong>Hydro-ol\u00e9ophobie \u2265 5<\/strong> (AATCC118 et AATCC193)<br \/>\n<strong>Caract\u00e8re antistatique<\/strong><span style=\"font-weight: 400;\"> 7.1010 <\/span><span style=\"font-weight: 400;\">\u03a9<\/span><span style=\"font-weight: 400;\"> (EN1149-1)<\/span><\/p>\n<p>[\/vc_column_text][vc_empty_space height=&#8221;10px&#8221;][vc_column_text]<\/p>\n<h5>Acoustique<\/h5>\n<p style=\"font-weight: 400;\">Aire d\u2019absorption \u00e9quivalente A(m\u00b2) aux fr\u00e9quences moyennes :<br \/>\ncube 380 : 1.00 m\u00b2 \/ cube 500 : 1.65 m\u00b2 \/ cube 750 : 3.82 m\u00b2<br \/>\n<span style=\"font-weight: 400;\">c\u00f4ne 500 : 0.55 m\u00b2 \/ totem 2000 : 3.55 m\u00b2<\/span><\/p>\n<p>[\/vc_column_text][vc_empty_space height=&#8221;10px&#8221;][vc_column_text]<\/p>\n<div>\n<h5>Classement France de r\u00e9action au feu<\/h5>\n<\/div>\n<div><span lang=\"FR-CH\">M1 ou \u00e9quivalent Euroclasses pour l\u2019Aeria et l\u2019absorbant acoustique<\/span><\/div>\n<p>[\/vc_column_text][vc_empty_space height=&#8221;10px&#8221;][vc_column_text]<\/p>\n<h5>Environnement<\/h5>\n<p style=\"font-weight: 400;\"><strong>\u00c9missions de COV et formald\u00e9hyde<\/strong> (ISO 16000)<br \/>\nLes pav\u00e9s b\u00e9n\u00e9ficient d\u2019un \u00e9tiquetage sanitaire fran\u00e7ais A+\u00a0et sont class\u00e9s conforme selon le protocole allemand AgBB<\/p>\n<p style=\"font-weight: 400;\"><strong>LEED \/ BREEAM :<\/strong> 2 points pour<\/p>\n<ul>\n<li>Tr\u00e8s faible \u00e9mission de COV (Compos\u00e9s Organiques Volatils) et de formald\u00e9hyde<\/li>\n<li>Contribution acoustique<\/li>\n<\/ul>\n<p>[\/vc_column_text][vc_empty_space height=&#8221;10px&#8221;][vc_column_text]<\/p>\n<h5>Entretien<\/h5>\n<p style=\"font-weight: 400;\">Aspiration, possibilit\u00e9 de d\u00e9montage-remontage<\/p>\n<p>[\/vc_column_text][vc_empty_space height=&#8221;10px&#8221;][vc_column_text]<\/p>\n<h5>Garantie<\/h5>\n<p>10 ans[\/vc_column_text][vc_empty_space height=&#8221;10px&#8221;][vc_column_text]<\/p>\n<h5>Couleurs<\/h5>\n<div><span lang=\"FR-CH\">Au choix parmi les 30 teintes du nuancier Maille Ronde (MR). Coloris sp\u00e9ciaux sur demande.<\/span><\/div>\n<p>[\/vc_column_text][vc_empty_space height=&#8221;10px&#8221;][vc_column_text]<\/p>\n<h5>Domaines d&#8217;utilisation<\/h5>\n<div><span lang=\"FR-CH\">Bureau, cr\u00e8che, \u00e9cole<\/span><\/div>\n<p>[\/vc_column_text][vc_empty_space height=&#8221;20px&#8221;][\/vc_accordion_tab][vc_accordion_tab title=&#8221;Pav\u00e9s&#8221;][vc_column_text]<\/p>\n<h5>Composants<\/h5>\n<p style=\"font-weight: 400;\">L\u2019absorption acoustique sera compl\u00e9t\u00e9e par des pav\u00e9s ABSO, constitu\u00e9s :<\/p>\n<ul>\n<li>d\u2019une mousse alv\u00e9olaire AP de couleur grise<\/li>\n<li>d\u2019une housse en textile transonore Aeria habillant une face<\/li>\n<\/ul>\n<p style=\"font-weight: 400;\"><span style=\"font-weight: 400;\">Pi\u00e8ce en acier pour l\u2019installation<\/span><\/p>\n<p>[\/vc_column_text][vc_empty_space height=&#8221;10px&#8221;][vc_column_text]<\/p>\n<h5>Technische Leistungsmerkmale<\/h5>\n<p style=\"font-weight: 400;\"><strong>Obustesse de l\u2019enveloppe textile<br \/>\n<\/strong>Performances de l\u2019<strong>Aeria<\/strong> <strong>330 g\/m2 ind\u00e9maillable<br \/>\n<\/strong>Protection contre la salissure :<br \/>\n<strong>Hydro-ol\u00e9ophobie \u2265 5<\/strong> (AATCC118 et AATCC193)<br \/>\n<strong>Caract\u00e8re antistatique 7.1010 \u03a9<\/strong><span style=\"font-weight: 400;\"> (EN1149-1)<\/span><\/p>\n<p>[\/vc_column_text][vc_empty_space height=&#8221;10px&#8221;][vc_column_text]<\/p>\n<h5>Acoustique<\/h5>\n<p style=\"font-weight: 400;\">Aire d\u2019absorption \u00e9quivalente A(m\u00b2) aux fr\u00e9quences moyennes : 0.76 m\u00b2<br \/>\n<span style=\"font-weight: 400;\">(Coefficient d\u2019absorption \u0251w = 1 pour pav\u00e9s pos\u00e9s group\u00e9s)<\/span><\/p>\n<p>[\/vc_column_text][vc_empty_space height=&#8221;10px&#8221;][vc_column_text]<\/p>\n<h5>Classement France de r\u00e9action au feu<\/h5>\n<p style=\"font-weight: 400;\">M1 ou \u00e9quivalent Euroclasses pour l\u2019Aeria et l\u2019absorbant acoustique (produit complet conforme \u00e0 la r\u00e9glementation E.R.P. (AM5) jusqu\u2019\u00e0 25 % de la surface du plafond)<\/p>\n<p>[\/vc_column_text][vc_empty_space height=&#8221;10px&#8221;][vc_column_text]<\/p>\n<h5>Environnement<\/h5>\n<p style=\"font-weight: 400;\"><strong>\u00c9missions de COV et formald\u00e9hyde<\/strong> (ISO 16000)<br \/>\nLes pav\u00e9s b\u00e9n\u00e9ficient d\u2019un \u00e9tiquetage sanitaire fran\u00e7ais A+\u00a0et sont class\u00e9s conforme selon le protocole allemand AgBB<br \/>\n<strong>LEED \/ BREEAM : <\/strong>2 points pour<\/p>\n<ul>\n<li>Tr\u00e8s faible \u00e9mission de COV (Compos\u00e9s Organiques Volatils) et de formald\u00e9hyde<\/li>\n<li>Contribution acoustique<\/li>\n<\/ul>\n<p>[\/vc_column_text][vc_empty_space height=&#8221;10px&#8221;][vc_column_text]<\/p>\n<h5>Entretien<\/h5>\n<div><span lang=\"FR-CH\">Aspiration, possibilit\u00e9 de d\u00e9montage-remontage<\/span><\/div>\n<p>[\/vc_column_text][vc_empty_space height=&#8221;10px&#8221;][vc_column_text]<\/p>\n<h5>Garantie<\/h5>\n<p>10 ans[\/vc_column_text][vc_empty_space height=&#8221;10px&#8221;][vc_column_text]<\/p>\n<h5>Couleurs<\/h5>\n<p style=\"font-weight: 400;\">Au choix parmi les 30 teintes du nuancier Maille Ronde (MR). Coloris sp\u00e9ciaux sur demande.<\/p>\n<p>[\/vc_column_text][vc_empty_space height=&#8221;10px&#8221;][vc_column_text]<\/p>\n<h5>Domaines d&#8217;utilisation<\/h5>\n<p style=\"font-weight: 400;\">Bureau, cr\u00e8che, \u00e9cole<\/p>\n<p>[\/vc_column_text][vc_empty_space height=&#8221;20px&#8221;][\/vc_accordion_tab][\/vc_accordion][vc_empty_space height=&#8221;30px&#8221;][vc_column_text]<\/p>\n<h5>Caract\u00e9ristiques :<\/h5>\n<p>[\/vc_column_text][vc_row_inner row_type=&#8221;row&#8221; type=&#8221;full_width&#8221; text_align=&#8221;left&#8221; css_animation=&#8221;&#8221;][vc_column_inner width=&#8221;1\/6&#8243;][vc_single_image image=&#8221;631&#8243; img_size=&#8221;100&#215;100&#8243; alignment=&#8221;center&#8221; qode_css_animation=&#8221;&#8221;][vc_empty_space height=&#8221;20px&#8221;][\/vc_column_inner][vc_column_inner width=&#8221;1\/6&#8243;][vc_single_image image=&#8221;633&#8243; img_size=&#8221;100&#215;100&#8243; alignment=&#8221;center&#8221; qode_css_animation=&#8221;&#8221;][vc_empty_space height=&#8221;20px&#8221;][\/vc_column_inner][vc_column_inner width=&#8221;1\/6&#8243;][vc_single_image image=&#8221;635&#8243; img_size=&#8221;100&#215;100&#8243; alignment=&#8221;center&#8221; qode_css_animation=&#8221;&#8221;][vc_empty_space height=&#8221;20px&#8221;][\/vc_column_inner][vc_column_inner width=&#8221;1\/6&#8243;][\/vc_column_inner][vc_column_inner width=&#8221;1\/6&#8243;][\/vc_column_inner][vc_column_inner width=&#8221;1\/6&#8243;][\/vc_column_inner][\/vc_row_inner][vc_column_text]<\/p>\n<h5>Download :<\/h5>\n<p>[\/vc_column_text][vc_row_inner row_type=&#8221;row&#8221; type=&#8221;full_width&#8221; text_align=&#8221;left&#8221; css_animation=&#8221;&#8221;][vc_column_inner width=&#8221;1\/6&#8243;][vc_single_image image=&#8221;639&#8243; img_size=&#8221;100&#215;100&#8243; alignment=&#8221;center&#8221; onclick=&#8221;custom_link&#8221; img_link_target=&#8221;_blank&#8221; qode_css_animation=&#8221;&#8221; qode_hover_animation=&#8221;zoom_in&#8221; link=&#8221;https:\/\/acoutech.ch\/wp-content\/uploads\/2023\/05\/acoutech_fiche_technique_Stereo_FR_entretien-usuel_final.pdf&#8221;][vc_empty_space height=&#8221;20px&#8221;][\/vc_column_inner][vc_column_inner width=&#8221;1\/6&#8243;][vc_single_image image=&#8221;641&#8243; img_size=&#8221;100&#215;100&#8243; alignment=&#8221;center&#8221; onclick=&#8221;custom_link&#8221; img_link_target=&#8221;_blank&#8221; qode_css_animation=&#8221;&#8221; qode_hover_animation=&#8221;zoom_in&#8221; link=&#8221;https:\/\/acoutech.ch\/wp-content\/uploads\/2025\/05\/acoutech-GmbH_Farbpalette-AERIA_2025-FR.pdf&#8221;][vc_empty_space height=&#8221;20px&#8221;][\/vc_column_inner][vc_column_inner width=&#8221;1\/6&#8243;][vc_single_image image=&#8221;643&#8243; img_size=&#8221;100&#215;100&#8243; alignment=&#8221;center&#8221; onclick=&#8221;custom_link&#8221; img_link_target=&#8221;_blank&#8221; qode_css_animation=&#8221;&#8221; qode_hover_animation=&#8221;zoom_in&#8221; link=&#8221;https:\/\/acoutech.ch\/wp-content\/uploads\/2023\/05\/acoutech-GmbH_fiche_technique_AbsoObjetsSuspendus_FR_Caracteristiques-techniques_final.pdf&#8221;][vc_empty_space height=&#8221;20px&#8221;][\/vc_column_inner][vc_column_inner width=&#8221;1\/6&#8243;][vc_single_image image=&#8221;645&#8243; img_size=&#8221;100&#215;100&#8243; alignment=&#8221;center&#8221; onclick=&#8221;custom_link&#8221; img_link_target=&#8221;_blank&#8221; qode_css_animation=&#8221;&#8221; qode_hover_animation=&#8221;zoom_in&#8221; link=&#8221;https:\/\/acoutech.ch\/wp-content\/uploads\/2023\/05\/acoutech-GmbH_fiche_technique_AbsoObjetsSuspendus_FR_Formats_final.pdf&#8221;][vc_empty_space height=&#8221;20px&#8221;][\/vc_column_inner][vc_column_inner width=&#8221;1\/6&#8243;][vc_single_image image=&#8221;647&#8243; img_size=&#8221;100&#215;100&#8243; alignment=&#8221;center&#8221; onclick=&#8221;custom_link&#8221; img_link_target=&#8221;_blank&#8221; qode_css_animation=&#8221;&#8221; qode_hover_animation=&#8221;zoom_in&#8221; link=&#8221;https:\/\/acoutech.ch\/wp-content\/uploads\/2023\/05\/acoutech-GmbH_fiche_technique_AbsoObjetsSuspendus_FR_Modes-d-installation.pdf&#8221;][vc_empty_space height=&#8221;20px&#8221;][\/vc_column_inner][vc_column_inner width=&#8221;1\/6&#8243;][vc_single_image image=&#8221;649&#8243; img_size=&#8221;100&#215;100&#8243; alignment=&#8221;center&#8221; onclick=&#8221;custom_link&#8221; img_link_target=&#8221;_blank&#8221; qode_css_animation=&#8221;&#8221; qode_hover_animation=&#8221;zoom_in&#8221; link=&#8221;https:\/\/acoutech.ch\/wp-content\/uploads\/2023\/05\/acoutech-GmbH_fiche_technique_Abso_AbsoObjetsSuspendus_FR_Acoustique_final.pdf&#8221;][vc_empty_space height=&#8221;20px&#8221;][\/vc_column_inner][\/vc_row_inner][\/vc_column][\/vc_row]<\/p>\n<\/div>","protected":false},"excerpt":{"rendered":"<p>[vc_row rtl_reverse=&#8221;yes&#8221; css_animation=&#8221;&#8221; row_type=&#8221;row&#8221; use_row_as_full_screen_section=&#8221;no&#8221; type=&#8221;full_width&#8221; angled_section=&#8221;no&#8221; text_align=&#8221;left&#8221; background_image_as_pattern=&#8221;without_pattern&#8221; z_index=&#8221;&#8221; side_padding=&#8221;11&#8243;][vc_column offset=&#8221;vc_col-lg-offset-0 vc_col-lg-6 vc_hidden-lg vc_col-md-offset-0 vc_col-md-6 vc_hidden-md vc_col-sm-offset-0 vc_col-xs-12&#8243;][vc_column_text] ABSO Cubes, pav\u00e9s et c\u00f4nes [\/vc_column_text][vc_empty_space height=&#8221;15px&#8221;][\/vc_column][\/vc_row][vc_row rtl_reverse=&#8221;yes&#8221; css_animation=&#8221;&#8221; row_type=&#8221;row&#8221; use_row_as_full_screen_section=&#8221;no&#8221; type=&#8221;full_width&#8221; angled_section=&#8221;no&#8221; text_align=&#8221;left&#8221; background_image_as_pattern=&#8221;without_pattern&#8221; z_index=&#8221;&#8221; side_padding=&#8221;11&#8243;][vc_column offset=&#8221;vc_col-lg-offset-0 vc_col-lg-6 vc_col-md-offset-0 vc_col-md-6 vc_col-sm-offset-0 vc_col-xs-12&#8243;][\/vc_column][vc_column offset=&#8221;vc_col-lg-offset-0 vc_col-lg-6 vc_col-md-offset-0&#8230;<\/p>\n","protected":false},"author":1,"featured_media":1145,"menu_order":0,"comment_status":"closed","ping_status":"closed","template":"","class_list":["post-605","portfolio_page","type-portfolio_page","status-publish","has-post-thumbnail","hentry","portfolio_category-design-fr","portfolio_tag-design-fr","portfolio_tag-print-fr"],"yoast_head":"<!-- This site is optimized with the Yoast SEO plugin v27.4 - https:\/\/yoast.com\/product\/yoast-seo-wordpress\/ -->\n<title>ABSOCubes, pav\u00e9s et c\u00f4nes - acoutech gmbh<\/title>\n<meta name=\"description\" content=\"Les cubes, c\u00f4nes et parall\u00e9l\u00e9pip\u00e8des ABSO sont des produits uniques aux propri\u00e9t\u00e9s ludiques. Ces produits sont particuli\u00e8rement utilis\u00e9s dans les pi\u00e8ces \u00e0 hauts plafonds\" \/>\n<meta name=\"robots\" content=\"index, follow, max-snippet:-1, max-image-preview:large, max-video-preview:-1\" \/>\n<link rel=\"canonical\" href=\"https:\/\/acoutech.ch\/fr\/portfolio_page\/abso-cubes-paves-et-cones\/\" \/>\n<meta property=\"og:locale\" content=\"fr_FR\" \/>\n<meta property=\"og:type\" content=\"article\" \/>\n<meta property=\"og:title\" content=\"ABSOCubes, pav\u00e9s et c\u00f4nes - acoutech gmbh\" \/>\n<meta property=\"og:description\" content=\"Les cubes, c\u00f4nes et parall\u00e9l\u00e9pip\u00e8des ABSO sont des produits uniques aux propri\u00e9t\u00e9s ludiques. Ces produits sont particuli\u00e8rement utilis\u00e9s dans les pi\u00e8ces \u00e0 hauts plafonds\" \/>\n<meta property=\"og:url\" content=\"https:\/\/acoutech.ch\/fr\/portfolio_page\/abso-cubes-paves-et-cones\/\" \/>\n<meta property=\"og:site_name\" content=\"acoutech gmbh\" \/>\n<meta property=\"article:modified_time\" content=\"2026-02-08T15:01:04+00:00\" \/>\n<meta property=\"og:image\" content=\"https:\/\/acoutech.ch\/wp-content\/uploads\/2024\/07\/06-Acoutech-GmbH-abso-wuerfel-vorschau.png\" \/>\n\t<meta property=\"og:image:width\" content=\"437\" \/>\n\t<meta property=\"og:image:height\" content=\"437\" \/>\n\t<meta property=\"og:image:type\" content=\"image\/png\" \/>\n<meta name=\"twitter:card\" content=\"summary_large_image\" \/>\n<meta name=\"twitter:label1\" content=\"Dur\u00e9e de lecture estim\u00e9e\" \/>\n\t<meta name=\"twitter:data1\" content=\"6 minutes\" \/>\n<!-- \/ Yoast SEO plugin. -->","yoast_head_json":{"title":"ABSOCubes, pav\u00e9s et c\u00f4nes - acoutech gmbh","description":"Les cubes, c\u00f4nes et parall\u00e9l\u00e9pip\u00e8des ABSO sont des produits uniques aux propri\u00e9t\u00e9s ludiques. Ces produits sont particuli\u00e8rement utilis\u00e9s dans les pi\u00e8ces \u00e0 hauts plafonds","robots":{"index":"index","follow":"follow","max-snippet":"max-snippet:-1","max-image-preview":"max-image-preview:large","max-video-preview":"max-video-preview:-1"},"canonical":"https:\/\/acoutech.ch\/fr\/portfolio_page\/abso-cubes-paves-et-cones\/","og_locale":"fr_FR","og_type":"article","og_title":"ABSOCubes, pav\u00e9s et c\u00f4nes - acoutech gmbh","og_description":"Les cubes, c\u00f4nes et parall\u00e9l\u00e9pip\u00e8des ABSO sont des produits uniques aux propri\u00e9t\u00e9s ludiques. Ces produits sont particuli\u00e8rement utilis\u00e9s dans les pi\u00e8ces \u00e0 hauts plafonds","og_url":"https:\/\/acoutech.ch\/fr\/portfolio_page\/abso-cubes-paves-et-cones\/","og_site_name":"acoutech gmbh","article_modified_time":"2026-02-08T15:01:04+00:00","og_image":[{"width":437,"height":437,"url":"https:\/\/acoutech.ch\/wp-content\/uploads\/2024\/07\/06-Acoutech-GmbH-abso-wuerfel-vorschau.png","type":"image\/png"}],"twitter_card":"summary_large_image","twitter_misc":{"Dur\u00e9e de lecture estim\u00e9e":"6 minutes"},"schema":{"@context":"https:\/\/schema.org","@graph":[{"@type":"WebPage","@id":"https:\/\/acoutech.ch\/fr\/portfolio_page\/abso-cubes-paves-et-cones\/","url":"https:\/\/acoutech.ch\/fr\/portfolio_page\/abso-cubes-paves-et-cones\/","name":"ABSO Cubes, pav\u00e9s et c\u00f4nes - acoutech gmbh","isPartOf":{"@id":"https:\/\/acoutech.ch\/fr\/#website"},"primaryImageOfPage":{"@id":"https:\/\/acoutech.ch\/fr\/portfolio_page\/abso-cubes-paves-et-cones\/#primaryimage"},"image":{"@id":"https:\/\/acoutech.ch\/fr\/portfolio_page\/abso-cubes-paves-et-cones\/#primaryimage"},"thumbnailUrl":"https:\/\/acoutech.ch\/wp-content\/uploads\/2024\/07\/06-Acoutech-GmbH-abso-wuerfel-vorschau.png","datePublished":"2024-07-05T09:01:09+00:00","dateModified":"2026-02-08T15:01:04+00:00","description":"Les cubes, c\u00f4nes et parall\u00e9l\u00e9pip\u00e8des ABSO sont des produits uniques aux propri\u00e9t\u00e9s ludiques. Ces produits sont particuli\u00e8rement utilis\u00e9s dans les pi\u00e8ces \u00e0 hauts plafonds","breadcrumb":{"@id":"https:\/\/acoutech.ch\/fr\/portfolio_page\/abso-cubes-paves-et-cones\/#breadcrumb"},"inLanguage":"fr-FR","potentialAction":[{"@type":"ReadAction","target":["https:\/\/acoutech.ch\/fr\/portfolio_page\/abso-cubes-paves-et-cones\/"]}]},{"@type":"ImageObject","inLanguage":"fr-FR","@id":"https:\/\/acoutech.ch\/fr\/portfolio_page\/abso-cubes-paves-et-cones\/#primaryimage","url":"https:\/\/acoutech.ch\/wp-content\/uploads\/2024\/07\/06-Acoutech-GmbH-abso-wuerfel-vorschau.png","contentUrl":"https:\/\/acoutech.ch\/wp-content\/uploads\/2024\/07\/06-Acoutech-GmbH-abso-wuerfel-vorschau.png","width":437,"height":437},{"@type":"BreadcrumbList","@id":"https:\/\/acoutech.ch\/fr\/portfolio_page\/abso-cubes-paves-et-cones\/#breadcrumb","itemListElement":[{"@type":"ListItem","position":1,"name":"Startseite","item":"https:\/\/acoutech.ch\/fr\/"},{"@type":"ListItem","position":2,"name":"Portfolio","item":"https:\/\/acoutech.ch\/fr\/portfolio_page\/"},{"@type":"ListItem","position":3,"name":"ABSOCubes, pav\u00e9s et c\u00f4nes"}]},{"@type":"WebSite","@id":"https:\/\/acoutech.ch\/fr\/#website","url":"https:\/\/acoutech.ch\/fr\/","name":"acoutech gmbh","description":"Raumakustische Systeme","publisher":{"@id":"https:\/\/acoutech.ch\/fr\/#organization"},"potentialAction":[{"@type":"SearchAction","target":{"@type":"EntryPoint","urlTemplate":"https:\/\/acoutech.ch\/fr\/?s={search_term_string}"},"query-input":{"@type":"PropertyValueSpecification","valueRequired":true,"valueName":"search_term_string"}}],"inLanguage":"fr-FR"},{"@type":"Organization","@id":"https:\/\/acoutech.ch\/fr\/#organization","name":"acoutech gmbh","url":"https:\/\/acoutech.ch\/fr\/","logo":{"@type":"ImageObject","inLanguage":"fr-FR","@id":"https:\/\/acoutech.ch\/fr\/#\/schema\/logo\/image\/","url":"https:\/\/acoutech.ch\/wp-content\/uploads\/2024\/07\/Acoutech_Logo_2024_WEB-opt.png","contentUrl":"https:\/\/acoutech.ch\/wp-content\/uploads\/2024\/07\/Acoutech_Logo_2024_WEB-opt.png","width":348,"height":45,"caption":"acoutech gmbh"},"image":{"@id":"https:\/\/acoutech.ch\/fr\/#\/schema\/logo\/image\/"}}]}},"_links":{"self":[{"href":"https:\/\/acoutech.ch\/fr\/wp-json\/wp\/v2\/portfolio_page\/605","targetHints":{"allow":["GET"]}}],"collection":[{"href":"https:\/\/acoutech.ch\/fr\/wp-json\/wp\/v2\/portfolio_page"}],"about":[{"href":"https:\/\/acoutech.ch\/fr\/wp-json\/wp\/v2\/types\/portfolio_page"}],"author":[{"embeddable":true,"href":"https:\/\/acoutech.ch\/fr\/wp-json\/wp\/v2\/users\/1"}],"replies":[{"embeddable":true,"href":"https:\/\/acoutech.ch\/fr\/wp-json\/wp\/v2\/comments?post=605"}],"wp:featuredmedia":[{"embeddable":true,"href":"https:\/\/acoutech.ch\/fr\/wp-json\/wp\/v2\/media\/1145"}],"wp:attachment":[{"href":"https:\/\/acoutech.ch\/fr\/wp-json\/wp\/v2\/media?parent=605"}],"curies":[{"name":"wp","href":"https:\/\/api.w.org\/{rel}","templated":true}]}}